{"id":16135,"date":"2022-07-20T22:12:18","date_gmt":"2022-07-20T22:12:18","guid":{"rendered":"https:\/\/www.greenrio.com.br\/?page_id=16135"},"modified":"2024-09-21T01:42:06","modified_gmt":"2024-09-21T01:42:06","slug":"conferencia-green-rio-2022","status":"publish","type":"page","link":"https:\/\/www.greenrio.com.br\/index.php\/conferencia-green-rio-2022\/","title":{"rendered":"Confer\u00eancia Green Rio\/Green Latin America 2022"},"content":{"rendered":"<p>[et_pb_section fb_built=&#8221;1&#8243; fullwidth=&#8221;on&#8221; admin_label=&#8221;Header&#8221; _builder_version=&#8221;4.10.5&#8243; background_image=&#8221;http:\/\/greenrioonline.com.br\/wp-content\/uploads\/2021\/09\/beautiful-aerial-view-with-green-forest-landscape-twilight-scaled.jpg&#8221; parallax=&#8221;on&#8221; custom_padding=&#8221;|||&#8221; animation_style=&#8221;slide&#8221; animation_direction=&#8221;top&#8221; animation_intensity_slide=&#8221;2%&#8221; saved_tabs=&#8221;all&#8221; locked=&#8221;off&#8221;][et_pb_fullwidth_header title=&#8221;Programa\u00e7\u00e3o 2022&#8243; subhead=&#8221;01-03 de setembro de 2022 | Marina da Gl\u00f3ria &#8211; Rio de Janeiro, RJ&#8221; button_one_url=&#8221;https:\/\/www.greenrio.com.br\/index.php\/fale-conosco\/&#8221; button_two_url=&#8221;http:\/\/greenrioonline.com.br\/?page_id=2&#8243; background_overlay_color=&#8221;rgba(255,255,255,0.6)&#8221; content_max_width=&#8221;700px&#8221; content_max_width_tablet=&#8221;100%&#8221; content_max_width_phone=&#8221;&#8221; content_max_width_last_edited=&#8221;on|desktop&#8221; _builder_version=&#8221;4.5.2&#8243; title_font=&#8221;Roboto|300|||||||&#8221; title_text_color=&#8221;#317512&#8243; title_font_size=&#8221;60px&#8221; title_line_height=&#8221;1.4em&#8221; content_font=&#8221;||||||||&#8221; content_text_color=&#8221;#317512&#8243; content_font_size=&#8221;17px&#8221; content_line_height=&#8221;1.9em&#8221; subhead_font=&#8221;|600|||||||&#8221; subhead_text_color=&#8221;#317512&#8243; subhead_font_size=&#8221;20px&#8221; subhead_line_height=&#8221;1.8em&#8221; background_color=&#8221;#73d85d&#8221; background_image=&#8221;http:\/\/greenrioonline.com.br\/wp-content\/uploads\/2021\/09\/dots-3.png&#8221; custom_button_one=&#8221;on&#8221; button_one_text_size=&#8221;14px&#8221; button_one_text_color=&#8221;#FFFFFF&#8221; button_one_bg_color=&#8221;#3f8216&#8243; button_one_bg_color_gradient_start=&#8221;#d883f8&#8243; button_one_bg_color_gradient_end=&#8221;#352DBE&#8221; button_one_bg_color_gradient_direction=&#8221;90deg&#8221; button_one_border_width=&#8221;10px&#8221; button_one_border_color=&#8221;rgba(0,0,0,0)&#8221; button_one_border_radius=&#8221;100px&#8221; button_one_letter_spacing=&#8221;3px&#8221; button_one_font=&#8221;Roboto|700||on|||||&#8221; custom_button_two=&#8221;on&#8221; button_two_text_size=&#8221;14px&#8221; button_two_text_color=&#8221;#ffffff&#8221; button_two_bg_color=&#8221;#7CDA24&#8243; button_two_border_width=&#8221;10px&#8221; button_two_border_color=&#8221;rgba(0,0,0,0)&#8221; button_two_border_radius=&#8221;100px&#8221; button_two_letter_spacing=&#8221;3px&#8221; button_two_font=&#8221;Roboto|700||on|||||&#8221; background_layout=&#8221;light&#8221; custom_margin=&#8221;||||false&#8221; custom_padding=&#8221;0vw||0vw||true|&#8221; custom_padding_tablet=&#8221;250px||250px||true&#8221; custom_padding_last_edited=&#8221;off|desktop&#8221; title_font_size_tablet=&#8221;40px&#8221; title_font_size_phone=&#8221;32px&#8221; title_font_size_last_edited=&#8221;on|desktop&#8221; button_one_text_color_hover=&#8221;#ffffff&#8221; button_two_text_color_hover=&#8221;#ffffff&#8221; button_one_letter_spacing_hover=&#8221;3px&#8221; button_two_letter_spacing_hover=&#8221;3px&#8221; button_one_text_size__hover_enabled=&#8221;off&#8221; button_two_text_size__hover_enabled=&#8221;off&#8221; button_one_text_color__hover_enabled=&#8221;on&#8221; button_one_text_color__hover=&#8221;#ffffff&#8221; button_two_text_color__hover_enabled=&#8221;on&#8221; button_two_text_color__hover=&#8221;#ffffff&#8221; button_one_border_width__hover_enabled=&#8221;off&#8221; button_two_border_width__hover_enabled=&#8221;off&#8221; button_one_border_color__hover_enabled=&#8221;off&#8221; button_two_border_color__hover_enabled=&#8221;off&#8221; button_one_border_radius__hover_enabled=&#8221;off&#8221; button_two_border_radius__hover_enabled=&#8221;off&#8221; button_one_letter_spacing__hover_enabled=&#8221;on&#8221; button_one_letter_spacing__hover=&#8221;3px&#8221; button_two_letter_spacing__hover_enabled=&#8221;on&#8221; button_two_letter_spacing__hover=&#8221;3px&#8221; button_one_bg_color__hover_enabled=&#8221;off&#8221; button_two_bg_color__hover_enabled=&#8221;off&#8221;]<\/p>\n<p><strong><\/strong><\/p>\n<blockquote>\n<p><strong>Green Rio \u00e9 a plataforma para neg\u00f3cios, inova\u00e7\u00e3o e pesquisa em bioeconomia e economia verde.<\/strong><\/p>\n<\/blockquote>\n<p>&nbsp;<\/p>\n<p>[\/et_pb_fullwidth_header][\/et_pb_section][et_pb_section fb_built=&#8221;1&#8243; admin_label=&#8221;Schedule&#8221; _builder_version=&#8221;3.22&#8243; max_width_tablet=&#8221;&#8221; max_width_phone=&#8221;100%&#8221; max_width_last_edited=&#8221;on|phone&#8221; custom_margin=&#8221;|||&#8221; custom_padding=&#8221;5px|0px|4px|0px|false|false&#8221;][et_pb_row column_structure=&#8221;1_2,1_2&#8243; _builder_version=&#8221;4.10.5&#8243; _module_preset=&#8221;default&#8221;][et_pb_column type=&#8221;1_2&#8243; _builder_version=&#8221;4.10.5&#8243; _module_preset=&#8221;default&#8221;][et_pb_text _builder_version=&#8221;4.5.2&#8243; _module_preset=&#8221;default&#8221;]<\/p>\n<p><img loading=\"lazy\" decoding=\"async\" src=\"https:\/\/www.greenrio.com.br\/wp-content\/uploads\/Logos-GR-GLA.png\" width=\"348\" height=\"107\" alt=\"\" class=\"wp-image-16139 aligncenter size-full\" srcset=\"https:\/\/www.greenrio.com.br\/wp-content\/uploads\/Logos-GR-GLA.png 420w, https:\/\/www.greenrio.com.br\/wp-content\/uploads\/Logos-GR-GLA-300x92.png 300w\" sizes=\"auto, (max-width: 348px) 100vw, 348px\" \/><\/p>\n<p>[\/et_pb_text][\/et_pb_column][et_pb_column type=&#8221;1_2&#8243; _builder_version=&#8221;4.10.5&#8243; _module_preset=&#8221;default&#8221;][et_pb_text _builder_version=&#8221;4.5.2&#8243; vertical_offset_tablet=&#8221;0&#8243; horizontal_offset_tablet=&#8221;0&#8243; width=&#8221;100%&#8221; max_width=&#8221;100%&#8221; module_alignment=&#8221;right&#8221; custom_margin=&#8221;||-20px|&#8221; custom_padding=&#8221;7px|||&#8221; z_index_tablet=&#8221;0&#8243; text_text_shadow_horizontal_length_tablet=&#8221;0px&#8221; text_text_shadow_vertical_length_tablet=&#8221;0px&#8221; text_text_shadow_blur_strength_tablet=&#8221;1px&#8221; link_text_shadow_horizontal_length_tablet=&#8221;0px&#8221; link_text_shadow_vertical_length_tablet=&#8221;0px&#8221; link_text_shadow_blur_strength_tablet=&#8221;1px&#8221; ul_text_shadow_horizontal_length_tablet=&#8221;0px&#8221; ul_text_shadow_vertical_length_tablet=&#8221;0px&#8221; ul_text_shadow_blur_strength_tablet=&#8221;1px&#8221; ol_text_shadow_horizontal_length_tablet=&#8221;0px&#8221; ol_text_shadow_vertical_length_tablet=&#8221;0px&#8221; ol_text_shadow_blur_strength_tablet=&#8221;1px&#8221; quote_text_shadow_horizontal_length_tablet=&#8221;0px&#8221; quote_text_shadow_vertical_length_tablet=&#8221;0px&#8221; quote_text_shadow_blur_strength_tablet=&#8221;1px&#8221; header_text_shadow_horizontal_length_tablet=&#8221;0px&#8221; header_text_shadow_vertical_length_tablet=&#8221;0px&#8221; header_text_shadow_blur_strength_tablet=&#8221;1px&#8221; header_2_text_shadow_horizontal_length_tablet=&#8221;0px&#8221; header_2_text_shadow_vertical_length_tablet=&#8221;0px&#8221; header_2_text_shadow_blur_strength_tablet=&#8221;1px&#8221; header_3_text_shadow_horizontal_length_tablet=&#8221;0px&#8221; header_3_text_shadow_vertical_length_tablet=&#8221;0px&#8221; header_3_text_shadow_blur_strength_tablet=&#8221;1px&#8221; header_4_text_shadow_horizontal_length_tablet=&#8221;0px&#8221; header_4_text_shadow_vertical_length_tablet=&#8221;0px&#8221; header_4_text_shadow_blur_strength_tablet=&#8221;1px&#8221; header_5_text_shadow_horizontal_length_tablet=&#8221;0px&#8221; header_5_text_shadow_vertical_length_tablet=&#8221;0px&#8221; header_5_text_shadow_blur_strength_tablet=&#8221;1px&#8221; header_6_text_shadow_horizontal_length_tablet=&#8221;0px&#8221; header_6_text_shadow_vertical_length_tablet=&#8221;0px&#8221; header_6_text_shadow_blur_strength_tablet=&#8221;1px&#8221; box_shadow_horizontal_tablet=&#8221;0px&#8221; box_shadow_vertical_tablet=&#8221;0px&#8221; box_shadow_blur_tablet=&#8221;40px&#8221; box_shadow_spread_tablet=&#8221;0px&#8221; locked=&#8221;off&#8221;]<\/p>\n<p><a href=\"https:\/\/www.facebook.com\/Planeta-Org%C3%A2nico-343634509008460\/\" target=\"_blank\" rel=\"noopener noreferrer\"><img loading=\"lazy\" decoding=\"async\" class=\"wp-image-2613 alignright\" style=\"float: left;\" src=\"https:\/\/www.greenrio.com.br\/wp-content\/uploads\/face.jpg\" alt=\"\" width=\"20\" height=\"20\" \/><\/a><a href=\"https:\/\/twitter.com\/planetaorganico\" target=\"_blank\" rel=\"noopener noreferrer\"><img loading=\"lazy\" decoding=\"async\" class=\"wp-image-2617 alignright\" style=\"float: left;\" src=\"https:\/\/www.greenrio.com.br\/wp-content\/uploads\/twitter.jpg\" alt=\"\" width=\"20\" height=\"20\" \/><\/a><a href=\"https:\/\/www.youtube.com\/channel\/UCgHbUl62NXc625ClP360seQ\" target=\"_blank\" rel=\"noopener noreferrer\"><img loading=\"lazy\" decoding=\"async\" class=\"alignright wp-image-5724\" style=\"float: left;\" src=\"https:\/\/www.greenrio.com.br\/wp-content\/uploads\/youtube.jpg\" alt=\"\" width=\"20\" height=\"20\" \/><\/a><a href=\"https:\/\/www.linkedin.com\/company\/planeta-org-nico\/\" target=\"_blank\" rel=\"noopener noreferrer\"><img loading=\"lazy\" decoding=\"async\" class=\"alignright wp-image-2615\" style=\"float: left;\" src=\"https:\/\/www.greenrio.com.br\/wp-content\/uploads\/linkedin-1.png\" alt=\"\" width=\"20\" height=\"20\" \/><\/a><a href=\"https:\/\/www.instagram.com\/greenrioplaneta\/\" target=\"_blank\" rel=\"noopener noreferrer\"><img loading=\"lazy\" decoding=\"async\" class=\"wp-image-4086 alignright\" style=\"float: left;\" src=\"https:\/\/www.greenrio.com.br\/wp-content\/uploads\/instagram1.jpg\" alt=\"\" width=\"20\" height=\"20\" \/><\/a><a href=\"https:\/\/issuu.com\/planetaorganico\" target=\"_blank\" rel=\"noopener noreferrer\"><img loading=\"lazy\" decoding=\"async\" class=\"wp-image-2614 alignright\" style=\"color: #0000ee; float: left;\" src=\"https:\/\/www.greenrio.com.br\/wp-content\/uploads\/ico_issu-1.png\" alt=\"\" width=\"20\" height=\"20\" \/><\/a><a href=\"https:\/\/www.greenrio.com.br\/index.php\/green-rio-news\" target=\"_blank\" rel=\"noopener noreferrer\"><img loading=\"lazy\" decoding=\"async\" class=\"wp-image-2616 alignright\" style=\"color: #0000ee; float: left;\" src=\"https:\/\/www.greenrio.com.br\/wp-content\/uploads\/newsletter.jpg\" alt=\"\" width=\"20\" height=\"20\" \/><\/a><img loading=\"lazy\" decoding=\"async\" class=\"wp-image-10945 aligncenter size-full\" style=\"float: left;\" src=\"https:\/\/www.greenrio.com.br\/wp-content\/uploads\/OrganizacaoGR1.png\" alt=\"\" width=\"68\" height=\"44\" \/><\/p>\n<p>&nbsp;<\/p>\n<p>[\/et_pb_text][\/et_pb_column][\/et_pb_row][\/et_pb_section][et_pb_section fb_built=&#8221;1&#8243; admin_label=&#8221;Speakers&#8221; _builder_version=&#8221;4.5.2&#8243; background_enable_color=&#8221;off&#8221; background_enable_image=&#8221;off&#8221; background_size=&#8221;initial&#8221; background_position=&#8221;top_left&#8221; custom_margin=&#8221;0px||0px||true|false&#8221; custom_padding=&#8221;0px||0px||true|false&#8221; locked=&#8221;off&#8221;][et_pb_row _builder_version=&#8221;4.5.2&#8243; _module_preset=&#8221;default&#8221; custom_margin=&#8221;0px||0px||true|false&#8221; custom_padding=&#8221;0px||0px||true|false&#8221;][et_pb_column type=&#8221;4_4&#8243; _builder_version=&#8221;4.5.2&#8243; _module_preset=&#8221;default&#8221;][et_pb_divider _builder_version=&#8221;4.5.2&#8243; _module_preset=&#8221;default&#8221; custom_margin=&#8221;0px||0px||true|false&#8221; custom_padding=&#8221;0px||0px||true|false&#8221;][\/et_pb_divider][\/et_pb_column][\/et_pb_row][\/et_pb_section][et_pb_section fb_built=&#8221;1&#8243; admin_label=&#8221;Schedule&#8221; _builder_version=&#8221;3.22&#8243; max_width_tablet=&#8221;&#8221; max_width_phone=&#8221;100%&#8221; max_width_last_edited=&#8221;on|phone&#8221; custom_margin=&#8221;|||&#8221; custom_padding=&#8221;5px|0px|4px|0px|false|false&#8221; locked=&#8221;off&#8221;][et_pb_row _builder_version=&#8221;4.5.2&#8243; _module_preset=&#8221;default&#8221; custom_margin=&#8221;0px||0px||true|false&#8221; custom_padding=&#8221;0px||0px||true|false&#8221; locked=&#8221;off&#8221;][et_pb_column type=&#8221;4_4&#8243; _builder_version=&#8221;4.5.2&#8243; _module_preset=&#8221;default&#8221;][et_pb_text _builder_version=&#8221;4.5.2&#8243; _module_preset=&#8221;default&#8221; text_font=&#8221;|700|||||||&#8221; text_text_color=&#8221;#000000&#8243; text_font_size=&#8221;32px&#8221; text_line_height=&#8221;1.3em&#8221; text_orientation=&#8221;center&#8221;]<\/p>\n<p>CONFER\u00caNCIA GREEN RIO\/GREEN LATIN AMERICA 2022<\/p>\n<p><span style=\"color: #000000;\"><a href=\"https:\/\/www.greenrio.com.br\/index.php\/cadastro-visitante-green-rio\/\" style=\"color: #000000;\">Fa\u00e7a seu credenciamento gratuitamente<\/a><\/span><\/p>\n<p>[\/et_pb_text][\/et_pb_column][\/et_pb_row][\/et_pb_section][et_pb_section fb_built=&#8221;1&#8243; admin_label=&#8221;Schedule&#8221; _builder_version=&#8221;3.22&#8243; max_width_tablet=&#8221;&#8221; max_width_phone=&#8221;100%&#8221; max_width_last_edited=&#8221;on|phone&#8221; custom_margin=&#8221;|||&#8221; custom_padding=&#8221;5px|0px|4px|0px|false|false&#8221; locked=&#8221;off&#8221;][et_pb_row _builder_version=&#8221;4.5.2&#8243; _module_preset=&#8221;default&#8221; locked=&#8221;off&#8221;][et_pb_column type=&#8221;4_4&#8243; _builder_version=&#8221;4.5.2&#8243; _module_preset=&#8221;default&#8221;][et_pb_text admin_label=&#8221;Programa\u00e7\u00e3o&#8221; _builder_version=&#8221;4.5.2&#8243; text_text_color=&#8221;#000000&#8243; text_line_height=&#8221;2em&#8221; background_size=&#8221;initial&#8221; background_position=&#8221;top_left&#8221; background_repeat=&#8221;repeat&#8221; use_border_color=&#8221;off&#8221; border_color=&#8221;#ffffff&#8221; border_style=&#8221;solid&#8221; locked=&#8221;off&#8221;]<\/p>\n<h4><em><span style=\"font-family: Arial, Helvetica, sans-serif; color: #000000;\"><strong><\/strong><\/span><\/em><\/h4>\n<h6><em><span style=\"font-family: Arial, Helvetica, sans-serif; color: #000000;\"><strong>Obsv.: Programa\u00e7\u00e3o sujeita a altera\u00e7\u00e3o<\/strong><\/span><\/em><\/h6>\n<p>[\/et_pb_text][\/et_pb_column][\/et_pb_row][et_pb_row column_structure=&#8221;1_5,1_5,1_5,1_5,1_5&#8243; _builder_version=&#8221;4.5.2&#8243; _module_preset=&#8221;default&#8221; locked=&#8221;off&#8221;][et_pb_column type=&#8221;1_5&#8243; _builder_version=&#8221;4.5.2&#8243; _module_preset=&#8221;default&#8221;][\/et_pb_column][et_pb_column type=&#8221;1_5&#8243; _builder_version=&#8221;4.5.2&#8243; _module_preset=&#8221;default&#8221;][et_pb_text admin_label=&#8221;Programa\u00e7\u00e3o&#8221; _builder_version=&#8221;4.5.2&#8243; text_text_color=&#8221;#000000&#8243; text_line_height=&#8221;2em&#8221; background_size=&#8221;initial&#8221; background_position=&#8221;top_left&#8221; background_repeat=&#8221;repeat&#8221; use_border_color=&#8221;off&#8221; border_color=&#8221;#ffffff&#8221; border_style=&#8221;solid&#8221; locked=&#8221;off&#8221;]<\/p>\n<h4><span style=\"text-decoration: underline;\"><a href=\"#primeiro-dia\"><span style=\"font-family: Arial, Helvetica, sans-serif; color: #000000;\"><strong>Dia 1 de setembro<\/strong><\/span><\/a><\/span><\/h4>\n<p>[\/et_pb_text][\/et_pb_column][et_pb_column type=&#8221;1_5&#8243; _builder_version=&#8221;4.5.2&#8243; _module_preset=&#8221;default&#8221;][et_pb_text admin_label=&#8221;Programa\u00e7\u00e3o&#8221; _builder_version=&#8221;4.5.2&#8243; text_text_color=&#8221;#000000&#8243; text_line_height=&#8221;2em&#8221; background_size=&#8221;initial&#8221; background_position=&#8221;top_left&#8221; background_repeat=&#8221;repeat&#8221; use_border_color=&#8221;off&#8221; border_color=&#8221;#ffffff&#8221; border_style=&#8221;solid&#8221; locked=&#8221;off&#8221;]<\/p>\n<h4><span style=\"text-decoration: underline;\"><a href=\"#segundo-dia\"><span style=\"font-family: Arial, Helvetica, sans-serif; color: #000000;\"><strong>Dia 2 de setembro<\/strong><\/span><\/a><\/span><\/h4>\n<p>[\/et_pb_text][\/et_pb_column][et_pb_column type=&#8221;1_5&#8243; _builder_version=&#8221;4.5.2&#8243; _module_preset=&#8221;default&#8221;][et_pb_text admin_label=&#8221;Programa\u00e7\u00e3o&#8221; _builder_version=&#8221;4.5.2&#8243; text_text_color=&#8221;#000000&#8243; text_line_height=&#8221;2em&#8221; background_size=&#8221;initial&#8221; background_position=&#8221;top_left&#8221; background_repeat=&#8221;repeat&#8221; use_border_color=&#8221;off&#8221; border_color=&#8221;#ffffff&#8221; border_style=&#8221;solid&#8221; locked=&#8221;off&#8221;]<\/p>\n<h4><span style=\"text-decoration: underline;\"><a href=\"#terceiro-dia\"><span style=\"font-family: Arial, Helvetica, sans-serif; color: #000000;\"><strong>Dia 3 de setembro<\/strong><\/span><\/a><\/span><\/h4>\n<p>[\/et_pb_text][\/et_pb_column][et_pb_column type=&#8221;1_5&#8243; _builder_version=&#8221;4.5.2&#8243; _module_preset=&#8221;default&#8221;][\/et_pb_column][\/et_pb_row][\/et_pb_section][et_pb_section fb_built=&#8221;1&#8243; module_id=&#8221;primeiro-dia&#8221; _builder_version=&#8221;4.5.2&#8243; _module_preset=&#8221;default&#8221;][et_pb_row _builder_version=&#8221;4.5.2&#8243; _module_preset=&#8221;default&#8221;][et_pb_column type=&#8221;4_4&#8243; _builder_version=&#8221;4.5.2&#8243; _module_preset=&#8221;default&#8221;][et_pb_text _builder_version=&#8221;4.5.2&#8243; _module_preset=&#8221;default&#8221;]<\/p>\n<table width=\"85%\" style=\"margin-left: auto; margin-right: auto;\">\n<tbody>\n<tr style=\"background-color: #538135; height: 90px;\">\n<td style=\"border-color: #282829; height: 90px;\">\n<h4><span style=\"color: #ffffff;\"><strong><br \/> 01 DE SETEMBRO \u2013 5\u00aa feira<\/strong><\/span><\/h4>\n<\/td>\n<\/tr>\n<tr style=\"height: 111px;\">\n<td style=\"border-color: #282829; background-color: #fff2cc; height: 111px;\">\n<h4><span style=\"color: #000000;\"><strong><\/strong><\/span><\/h4>\n<h4><span style=\"color: #000000;\"><strong>AUDIT\u00d3RIO<\/strong><\/span><\/h4>\n<h4><em><span style=\"color: #000000;\"><strong>(haver\u00e1 tradu\u00e7\u00e3o simult\u00e2nea)<\/strong><\/span><\/em><\/h4>\n<\/td>\n<\/tr>\n<tr style=\"background-color: #fff2cc; height: 106px;\">\n<td style=\"border-color: #282829; height: 106px;\">\n<h5><span style=\"color: #000000;\"><strong><\/strong><\/span><\/h5>\n<h5><span style=\"color: #000000;\"><strong>10:00<\/strong> <strong>\u2013<\/strong> <strong>Abertura<\/strong><\/span><\/h5>\n<\/td>\n<\/tr>\n<tr style=\"background-color: #fff2cc; height: 106px;\">\n<td style=\"border-color: #282829; height: 106px;\">\n<h5><span style=\"color: #000000;\"><strong><\/strong><\/span><\/h5>\n<h5><span style=\"color: #000000;\"><strong>11:00<\/strong>\u00a0&#8211;\u00a0<strong><b><span>Keynote Speaker &#8211; Dr. Alexandre Alonso Alves, Chefe Geral da Embrapa Agroenergia<\/span><\/b><\/strong><\/span><\/h5>\n<\/td>\n<\/tr>\n<tr style=\"background-color: #fff2cc; height: 106px;\">\n<td style=\"border-color: #282829; height: 106px;\">\n<h5><span style=\"color: #000000;\"><strong><\/strong><\/span><\/h5>\n<h5><span style=\"color: #000000;\"><strong>14:00 \u2013 FIOCRUZ \u2013<\/strong><strong> Bioeconomia e sociobiodiversidade no contexto da Agenda 2030<\/strong><\/span><\/h5>\n<h5 style=\"padding-left: 30px;\"><span style=\"color: #000000;\"><strong style=\"font-family: inherit; font-size: inherit;\">&#8211; Modera\u00e7\u00e3o: Valcler Rangel &#8211;<\/strong><span style=\"font-family: inherit; font-size: inherit;\">\u00a0Coordenador de Rela\u00e7\u00f5es Institucionais da Fiocruz\u00a0<\/span><\/span><\/h5>\n<h5 style=\"padding-left: 30px;\"><span style=\"color: #000000;\"><strong>&#8211; Valber Frutuoso &#8211;<\/strong>\u00a0Assessor do Gabinete da Presid\u00eancia<\/span><\/h5>\n<h5 style=\"padding-left: 30px;\"><span style=\"color: #000000;\"><strong>&#8211; Paulo Gadelha &#8211;<\/strong>\u00a0Coordenador da Estrat\u00e9gia Fiocruz para a Agenda 2030<\/span><\/h5>\n<\/td>\n<\/tr>\n<tr style=\"background-color: #fff2cc; height: 148px;\">\n<td style=\"border-color: #282829; height: 148px;\">\n<h5><span style=\"color: #000000;\"><strong><\/strong><\/span><\/h5>\n<h5><span style=\"color: #000000;\"><strong>14:30 &#8211; Cadeias de Valor da Bioeconomia<br \/> <\/strong><em>Apresenta\u00e7\u00e3o de resultados do Programa Bioeconomia Brasil e Sociobiodiversidade<\/em><\/span><\/h5>\n<h5 style=\"padding-left: 30px;\"><span style=\"color: #000000;\"><strong>&#8211; Clecivaldo de Sousa Ribeiro &#8211;<\/strong>\u00a0Diretor do Departamento de Estrutura\u00e7\u00e3o Produtiva, Secretaria de Agricultura Familiar e Cooperativismo, Minist\u00e9rio da Agricultura, Pecu\u00e1ria e Abastecimento<\/span><\/h5>\n<h5 style=\"padding-left: 30px;\"><span style=\"color: #000000;\"><strong>&#8211; Guilherme Gazzola &#8211;<\/strong>\u00a0Prefeito de ITU, S\u00e3o Paulo<\/span><\/h5>\n<h5 style=\"padding-left: 30px;\"><span style=\"color: #000000;\"><strong>&#8211; Joseane Costa &#8211;<\/strong>\u00a0Coordenadora T\u00e9cnica e Executiva do Programa ArticulaFito, Fiocruz<\/span><\/h5>\n<h5 style=\"padding-left: 30px;\"><span style=\"color: #000000;\"><strong>&#8211; Frank Marthe &#8211;<\/strong>\u00a0Pesquisador, Instituto Julius K\u00fchn<\/span><\/h5>\n<h5 style=\"padding-left: 30px;\"><span style=\"color: #000000;\"><strong>&#8211; Sandra Afonso<\/strong> &#8211; Pesquisadora do Servi\u00e7o Florestal Brasileiro<\/span><\/h5>\n<\/td>\n<\/tr>\n<tr style=\"background-color: #fff2cc; height: 106px;\">\n<td style=\"border-color: #282829; height: 106px;\">\n<h5><span style=\"color: #000000;\"><strong><\/strong><\/span><\/h5>\n<h5><span style=\"color: #000000;\"><strong>16:00 \u2013 Desenvolvimento Rural \/ Clima \/ Carbono<\/strong><\/span><\/h5>\n<h5 style=\"padding-left: 30px;\"><span style=\"color: #000000;\"><strong>&#8211; Jose Enrique Garcilazo &#8211;<\/strong>\u00a0Head of Regional and Rural Policy Unit, Centre for Entrepreneurship, SMEs, Regions and Cities, OECD<\/span><\/h5>\n<h5 style=\"padding-left: 30px;\"><span style=\"color: #000000;\"><strong>&#8211; Cleber Soares &#8211;\u00a0<\/strong>Secret\u00e1rio de Inova\u00e7\u00e3o, Desenvolvimento Sustent\u00e1vel e Irriga\u00e7\u00e3o, Minist\u00e9rio da Agricultura, Pecu\u00e1ria e Abastecimento<\/span><\/h5>\n<h5 style=\"padding-left: 30px;\"><span style=\"color: #000000;\"><strong>&#8211; Nelson Rocha &#8211;\u00a0<\/strong>Secret\u00e1rio de Estado de Planejamento e Gest\u00e3o do Rio de Janeiro<\/span><\/h5>\n<h5 style=\"padding-left: 30px;\"><span style=\"color: #000000;\"><strong>&#8211; Jaime Verruck &#8211;\u00a0<\/strong>Secret\u00e1rio de Estado de Meio Ambiente, Desenvolvimento Econ\u00f4mico, Produ\u00e7\u00e3o e Agricultura\u00a0<\/span><span style=\"color: #000000;\">Familiar do<strong>\u00a0<\/strong>Mato Grosso do Sul<\/span><\/h5>\n<h5 style=\"padding-left: 30px;\"><span style=\"color: #000000;\"><strong>&#8211; Fabio Passos &#8211;<\/strong> Diretor do Neg\u00f3cio de Carbono, Bayer<\/span><\/h5>\n<h5 style=\"padding-left: 30px;\"><span style=\"color: #000000;\"><strong>&#8211; Wagner Victer &#8211;<\/strong>\u00a0Engenheiro, Ex-Secret\u00e1rio Estadual de Energia e Petr\u00f3leo do Rio de Janeiro<\/span><\/h5>\n<\/td>\n<\/tr>\n<tr style=\"height: 111px;\">\n<td style=\"border-color: #282829; height: 111px;\">\n<h4><span style=\"color: #000000;\"><strong><\/strong><\/span><\/h4>\n<h4><span style=\"color: #000000;\"><strong>SALA WORKSHOP<\/strong><\/span><\/h4>\n<\/td>\n<\/tr>\n<tr style=\"height: 111px;\">\n<td style=\"border-color: #282829; height: 111px;\">\n<h5><span style=\"color: #000000;\"><strong>12:00 &#8211; Portal de Bioeconomia SENAI CETIQT: 1 Ano de Contribui\u00e7\u00e3o ao Ecossistema de Bioinova\u00e7\u00e3o no Brasil<\/strong><\/span><\/h5>\n<h5 style=\"padding-left: 30px;\"><span style=\"color: #000000;\"><strong>&#8211; Liliane Andrade &#8211;\u00a0<\/strong>Community Manager do Portal de Bioeconomia, SENAI CETIQT<\/span><\/h5>\n<h5 style=\"padding-left: 30px;\"><span style=\"color: #000000;\"><strong>&#8211; Vict\u00f3ria Santos &#8211;\u00a0<\/strong>Coordenadora de Intelig\u00eancia Competitiva do ISI Biossint\u00e9ticos e Fibras do SENAI CETIQT<\/span><\/h5>\n<\/td>\n<\/tr>\n<tr style=\"height: 111px;\">\n<td style=\"border-color: #282829; height: 111px;\">\n<h5><span style=\"color: #000000;\"><strong>13:00 &#8211; A Iniciativa TRABBIO \u2013 Transforma\u00e7\u00e3o dos Res\u00edduos de Biomassa em Materiais Manej\u00e1veis e Fontes de Energia<\/strong><\/span><\/h5>\n<h5 style=\"padding-left: 30px;\"><em><span style=\"color: #000000;\"><strong>&#8211; Coordena\u00e7\u00e3o Prof. Sabine Schl\u00fcter<\/strong><\/span><\/em><\/h5>\n<h5 style=\"padding-left: 30px;\"><span style=\"color: #000000;\"><strong>&#8211; Silvio Jos\u00e9 Elia Galv\u00e3o &#8211;\u00a0<\/strong>Diretor T\u00e9cnico, PESAGRO-RIO<\/span><\/h5>\n<h5 style=\"padding-left: 30px;\"><span style=\"color: #000000;\"><strong>&#8211; Patricia Giannini &#8211;\u00a0<\/strong>Engenheira Agr\u00f4noma, EMATER-RIO<\/span><\/h5>\n<h5 style=\"padding-left: 30px;\"><span style=\"color: #000000;\"><strong>&#8211; Jos\u00e9 Henrique Penido<\/strong> &#8211; Presidente da Web-Resol<\/span><\/h5>\n<h5 style=\"padding-left: 30px;\"><span style=\"color: #000000;\"><strong>&#8211; Willian Pereira &#8211;\u00a0<\/strong>Engenheiro agr\u00f4nomo, Doutor em Agronomia &#8211; Ci\u00eancia do Solo, UFRRJ-CCG<\/span><\/h5>\n<h5 style=\"padding-left: 30px;\"><span style=\"color: #000000;\"><strong>&#8211; Joyce Monteiro &#8211;<\/strong>\u00a0Pesquisadora, EMBRAPA Solos<\/span><\/h5>\n<h5 style=\"padding-left: 30px;\"><span style=\"color: #000000;\"><strong>&#8211; Doutor Frederico Veiga &#8211;<\/strong>\u00a0Vice-Presidente da Associa\u00e7\u00e3o Norte Fluminense dos Produtores de Cana-de-A\u00e7\u00facar, ASFLUCAN<\/span><\/h5>\n<\/td>\n<\/tr>\n<tr style=\"height: 126px;\">\n<td style=\"border-color: #282829; height: 126px;\">\n<h5><span style=\"color: #000000;\"><strong><\/strong><\/span><\/h5>\n<h5><span style=\"color: #000000;\"><strong>14:00 \u2013 Workshop Inova\u00e7\u00e3o e Sustentabilidade no Agroneg\u00f3cio<\/strong><\/span><\/h5>\n<h5 style=\"padding-left: 30px;\"><span style=\"color: #000000;\"><strong><em>&#8211; Coordena\u00e7\u00e3o F\u00e1bio Ramos &#8211; Diretor da Agrosuisse, Gerente Geral do S\u00edtio do Moinho e Diretor T\u00e9cnico do Instituto Brasil Org\u00e2nico<\/em><\/strong><\/span><\/h5>\n<h5 style=\"padding-left: 30px;\"><span style=\"color: #000000;\"><strong>&#8211; Gustavo Roque Da Mata &#8211;<\/strong>\u00a0Engenheiro Agr\u00f4nomo e Especialista em Gest\u00e3o Ambiental, DUVERDE ECO SOLU\u00c7\u00d5ES<\/span><\/h5>\n<h5 style=\"padding-left: 30px;\"><span style=\"color: #000000;\"><strong>&#8211; Lilian Aliprandini &#8211;<\/strong>\u00a0S\u00f3cia e Diretora de Inova\u00e7\u00e3o,\u00a0<\/span>ACCETA<\/h5>\n<h5 style=\"padding-left: 30px;\"><span style=\"color: #000000;\"><strong>&#8211; Tom Vidal &#8211;<\/strong>\u00a0VIDDENA<\/span><\/h5>\n<h5 style=\"padding-left: 30px;\"><span style=\"color: #000000;\"><strong>&#8211; Renata Costa &#8211;<\/strong>\u00a0Coordenadora Regional Rio de Janeiro, SICOOB<\/span><\/h5>\n<\/td>\n<\/tr>\n<tr style=\"height: 126px;\">\n<td style=\"border-color: #282829; height: 126px;\">\n<h5><span style=\"color: #000000;\"><strong><\/strong><\/span><\/h5>\n<h5><span style=\"color: #000000;\"><strong>15:30 \u2013<\/strong><strong> O Mapa da Fome do Estado do Rio de Janeiro<br \/> <em>Coordena\u00e7\u00e3o IFec<\/em><\/strong><\/span><\/h5>\n<h5 style=\"padding-left: 30px;\"><strong><span style=\"color: #000000;\">&#8211; Cida Pessoa &#8211;\u00a0<\/span><\/strong><span style=\"color: #000000;\">Coordenadora do Programa de Seguran\u00e7a Alimentar e Nutricional Mesa Brasil do Sesc Rio<\/span><\/h5>\n<h5 style=\"padding-left: 30px;\"><strong><span style=\"color: #000000;\">&#8211; J\u00falio Cesar Purcena &#8211;<\/span><\/strong><span style=\"color: #000000;\">\u00a0<\/span><span style=\"color: #000000;\">Especialista em Intelig\u00eancia de Mercado e Pesquisas do Instituto Fecom\u00e9rcio de Pesquisa e An\u00e1lises do Rio de Janeiro, IFEC RJ<\/span><\/h5>\n<h5 style=\"padding-left: 30px;\"><span style=\"color: #000000;\"><\/span><\/h5>\n<\/td>\n<\/tr>\n<tr style=\"height: 123.337px;\">\n<td style=\"border-color: #282829; height: 123.337px;\">\n<h5><span style=\"color: #000000;\"><strong><\/strong><\/span><\/h5>\n<h5><span style=\"color: #000000;\"><strong>16:30 \u2013<\/strong><strong> Polos na Reativa\u00e7\u00e3o da Economia<br \/> <\/strong><\/span><\/h5>\n<h5 style=\"padding-left: 30px;\"><span style=\"color: #000000;\"><strong>&#8211; Paulo Pereira \u2013<\/strong> Prefeitura do Rio de Janeiro<\/span><\/h5>\n<\/td>\n<\/tr>\n<tr style=\"height: 10px;\">\n<td style=\"border-color: #282829; height: 10px;\"><img loading=\"lazy\" decoding=\"async\" src=\"https:\/\/www.greenrio.com.br\/wp-content\/uploads\/final1.jpg\" width=\"140\" height=\"29\" alt=\"\" class=\"wp-image-16218 alignnone size-full\" \/><\/td>\n<\/tr>\n<\/tbody>\n<\/table>\n<p>[\/et_pb_text][\/et_pb_column][\/et_pb_row][et_pb_row column_structure=&#8221;1_2,1_2&#8243; _builder_version=&#8221;4.5.2&#8243; _module_preset=&#8221;default&#8221; locked=&#8221;off&#8221;][et_pb_column type=&#8221;1_2&#8243; _builder_version=&#8221;4.5.2&#8243; _module_preset=&#8221;default&#8221;][et_pb_image src=&#8221;https:\/\/www.greenrio.com.br\/wp-content\/uploads\/Bot\u00e3o-ProgMAPA.png&#8221; title_text=&#8221;Bot\u00e3o-ProgMAPA&#8221; url=&#8221;https:\/\/www.greenrio.com.br\/arquivos\/programacao\/Programacao-Estande-MAPA-Site-2e3.pdf&#8221; url_new_window=&#8221;on&#8221; align=&#8221;center&#8221; _builder_version=&#8221;4.5.2&#8243; _module_preset=&#8221;default&#8221; animation_style=&#8221;fade&#8221; animation_duration=&#8221;1550ms&#8221; hover_enabled=&#8221;0&#8243; box_shadow_style=&#8221;preset1&#8243;][\/et_pb_image][\/et_pb_column][et_pb_column type=&#8221;1_2&#8243; _builder_version=&#8221;4.5.2&#8243; _module_preset=&#8221;default&#8221;][et_pb_image src=&#8221;https:\/\/www.greenrio.com.br\/wp-content\/uploads\/Bot\u00e3o-ProgMCTI.png&#8221; title_text=&#8221;Bot\u00e3o-ProgMCTI&#8221; url=&#8221;https:\/\/www.greenrio.com.br\/arquivos\/Programacao_Sala_de_Palestras_EMBRAPII_MCTI-GR2022.pdf&#8221; url_new_window=&#8221;on&#8221; align=&#8221;center&#8221; _builder_version=&#8221;4.5.2&#8243; _module_preset=&#8221;default&#8221; animation_style=&#8221;fade&#8221; animation_duration=&#8221;1550ms&#8221; box_shadow_style=&#8221;preset1&#8243;][\/et_pb_image][\/et_pb_column][\/et_pb_row][\/et_pb_section][et_pb_section fb_built=&#8221;1&#8243; admin_label=&#8221;Schedule&#8221; _builder_version=&#8221;3.22&#8243; max_width_tablet=&#8221;&#8221; max_width_phone=&#8221;100%&#8221; max_width_last_edited=&#8221;on|phone&#8221; custom_margin=&#8221;|||&#8221; custom_padding=&#8221;5px|0px|4px|0px|false|false&#8221; locked=&#8221;off&#8221;][et_pb_row column_structure=&#8221;1_4,1_4,1_4,1_4&#8243; _builder_version=&#8221;4.5.2&#8243; _module_preset=&#8221;default&#8221; locked=&#8221;off&#8221;][et_pb_column type=&#8221;1_4&#8243; _builder_version=&#8221;4.5.2&#8243; _module_preset=&#8221;default&#8221;][\/et_pb_column][et_pb_column type=&#8221;1_4&#8243; _builder_version=&#8221;4.5.2&#8243; _module_preset=&#8221;default&#8221;][et_pb_text admin_label=&#8221;Programa\u00e7\u00e3o&#8221; _builder_version=&#8221;4.5.2&#8243; text_text_color=&#8221;#000000&#8243; text_line_height=&#8221;2em&#8221; background_size=&#8221;initial&#8221; background_position=&#8221;top_left&#8221; background_repeat=&#8221;repeat&#8221; use_border_color=&#8221;off&#8221; border_color=&#8221;#ffffff&#8221; border_style=&#8221;solid&#8221; locked=&#8221;off&#8221;]<\/p>\n<h4><span style=\"text-decoration: underline;\"><a href=\"#primeiro-dia\"><span style=\"font-family: Arial, Helvetica, sans-serif; color: #000000;\"><strong>Dia 1 de setembro<\/strong><\/span><\/a><\/span><\/h4>\n<p>[\/et_pb_text][\/et_pb_column][et_pb_column type=&#8221;1_4&#8243; _builder_version=&#8221;4.5.2&#8243; _module_preset=&#8221;default&#8221;][et_pb_text admin_label=&#8221;Programa\u00e7\u00e3o&#8221; _builder_version=&#8221;4.5.2&#8243; text_text_color=&#8221;#000000&#8243; text_line_height=&#8221;2em&#8221; background_size=&#8221;initial&#8221; background_position=&#8221;top_left&#8221; background_repeat=&#8221;repeat&#8221; use_border_color=&#8221;off&#8221; border_color=&#8221;#ffffff&#8221; border_style=&#8221;solid&#8221; locked=&#8221;off&#8221;]<\/p>\n<h4><span style=\"text-decoration: underline;\"><a href=\"#terceiro-dia\"><span style=\"font-family: Arial, Helvetica, sans-serif; color: #000000;\"><strong>Dia 3 de setembro<\/strong><\/span><\/a><\/span><\/h4>\n<p>[\/et_pb_text][\/et_pb_column][et_pb_column type=&#8221;1_4&#8243; _builder_version=&#8221;4.5.2&#8243; _module_preset=&#8221;default&#8221;][\/et_pb_column][\/et_pb_row][\/et_pb_section][et_pb_section fb_built=&#8221;1&#8243; module_id=&#8221;segundo-dia&#8221; _builder_version=&#8221;4.5.2&#8243; _module_preset=&#8221;default&#8221;][et_pb_row _builder_version=&#8221;4.5.2&#8243; _module_preset=&#8221;default&#8221;][et_pb_column type=&#8221;4_4&#8243; _builder_version=&#8221;4.5.2&#8243; _module_preset=&#8221;default&#8221;][et_pb_text _builder_version=&#8221;4.5.2&#8243; _module_preset=&#8221;default&#8221; hover_enabled=&#8221;0&#8243;]<\/p>\n<table width=\"85%\" style=\"margin-left: auto; margin-right: auto;\">\n<tbody>\n<tr style=\"height: 111px;\">\n<td style=\"border-color: #282829; background-color: #538135; height: 111px;\">\n<h4><strong><\/strong><\/h4>\n<h4><span style=\"color: #ffffff;\"><strong>02 DE SETEMBRO \u2013 6\u00aa feira <\/strong><\/span><\/h4>\n<\/td>\n<\/tr>\n<tr style=\"height: 111px;\">\n<td style=\"border-color: #282829; background-color: #fff2cc; height: 111px;\">\n<h4><span style=\"color: #000000;\"><strong><\/strong><\/span><\/h4>\n<h4><span style=\"color: #000000;\"><strong>AUDIT\u00d3RIO<br \/> <em>(haver\u00e1 tradu\u00e7\u00e3o simult\u00e2nea)<\/em><\/strong><\/span><\/h4>\n<\/td>\n<\/tr>\n<tr style=\"height: 106px;\">\n<td style=\"border-color: #282829; background-color: #fff2cc; height: 106px;\">\n<h5><span style=\"color: #000000;\"><strong><\/strong><\/span><\/h5>\n<h5><span style=\"color: #000000;\"><strong>10:00 \u00e0s 13:00 \u2013 GERMAN-BRAZILIAN BIOECONOMY WORKSHOP<\/strong><\/span><\/h5>\n<h5 style=\"padding-left: 30px;\"><span style=\"color: #000000;\"><strong>&#8211; Workshop com a presen\u00e7a de representantes governamentais do Brasil e da Alemanha<img loading=\"lazy\" decoding=\"async\" src=\"https:\/\/www.greenrio.com.br\/wp-content\/uploads\/BandeiraBA-1.jpg\" width=\"157\" height=\"51\" alt=\"\" class=\"wp-image-14476 alignright size-full\" \/><\/strong><\/span><\/h5>\n<p><a href=\"https:\/\/www.greenrio.com.br\/index.php\/cbrazilian-german-bioeconomy-workshop-2022\/\"><span style=\"color: #000000;\"><strong><img loading=\"lazy\" decoding=\"async\" src=\"https:\/\/www.greenrio.com.br\/wp-content\/uploads\/ImagClique.jpg\" width=\"548\" height=\"38\" alt=\"\" class=\"wp-image-17784 alignnone size-full\" srcset=\"https:\/\/www.greenrio.com.br\/wp-content\/uploads\/ImagClique.jpg 548w, https:\/\/www.greenrio.com.br\/wp-content\/uploads\/ImagClique-480x33.jpg 480w\" sizes=\"auto, (min-width: 0px) and (max-width: 480px) 480px, (min-width: 481px) 548px, 100vw\" \/><\/strong><\/span><\/a><\/p>\n<\/td>\n<\/tr>\n<tr style=\"height: 106px;\">\n<td style=\"border-color: #282829; background-color: #fff2cc; height: 106px;\">\n<h5><span style=\"color: #000000;\"><strong><\/strong><\/span><\/h5>\n<h5><span style=\"color: #000000;\"><strong>13:40 <\/strong><strong>\u2013<\/strong><strong> Estrat\u00e9gias de Propriedade Intelectual para o Desenvolvimento Sustent\u00e1vel<\/strong><\/span><\/h5>\n<h5 style=\"padding-left: 30px;\"><span style=\"color: #000000;\"><strong>&#8211; Cl\u00e1udio Vilar Furtado &#8211;\u00a0<\/strong>Presidente no Instituto Nacional da Propriedade Industrial, INPI Brasil<\/span><\/h5>\n<h5 style=\"padding-left: 30px;\"><span style=\"color: #000000;\"><strong>&#8211; Luis Fernando Samper &#8211;<\/strong>\u00a0Gerente de Sustentabilidade para Indica\u00e7\u00f5es Geograficas na oriGIn \/ AL-INVEST Verde PI<\/span><\/h5>\n<h5 style=\"padding-left: 30px;\"><span style=\"color: #000000;\">&#8211;<strong> Mariano Riccheri &#8211;<\/strong>\u00a0L\u00edder da A\u00e7\u00e3o AL-INVEST Verde PI<\/span><\/h5>\n<\/td>\n<\/tr>\n<tr style=\"height: 106px;\">\n<td style=\"border-color: #282829; background-color: #fff2cc; height: 106px;\">\n<h5><span style=\"color: #000000;\"><strong><\/strong><\/span><\/h5>\n<h5><span style=\"color: #000000;\"><strong>14:30 &#8211; Amaz\u00f4nia \u2013 Fronteiras e Horizontes<br \/> <\/strong><\/span><\/h5>\n<h5 style=\"padding-left: 30px;\"><span style=\"color: #000000;\"><strong>&#8211; Ismael Nobre &#8211;\u00a0<\/strong>Diretor Executivo do Instituto Amazonia 4.0<\/span><\/h5>\n<h5 style=\"padding-left: 30px;\"><span style=\"color: #000000;\"><strong>&#8211; Maritta Koch-Weser &#8211;\u00a0<\/strong>Presidente Earth 3000, Conselho Rainforest Business School<\/span><\/h5>\n<h5 style=\"padding-left: 30px;\"><span style=\"color: #000000;\"><strong>&#8211; Alida Bellandi &#8211;\u00a0<\/strong>Presidente da Guarany e Vice-Presidente do Conselho Empresarial da Am\u00e9rica Latina, CEAL\/Brasil<\/span><\/h5>\n<h5 style=\"padding-left: 30px;\"><span style=\"color: #000000;\"><strong>&#8211; Fabio Calderaro &#8211;\u00a0<\/strong>Diretor Executivo do Centro de Biotecnologia da Amaz\u00f4nia<\/span><\/h5>\n<h5 style=\"padding-left: 30px;\"><span style=\"color: #000000;\"><strong>&#8211; Muni Louren\u00e7o Silva J\u00fanior &#8211;\u00a0<\/strong>Presidente do Conselho Deliberativo Estadual do SEBRAE\/AM e Presidente da Federa\u00e7\u00e3o da Agricultura e Pecu\u00e1ria do Estado do Amazonas<\/span><\/h5>\n<h5 style=\"padding-left: 30px;\"><span style=\"color: #000000;\"><strong>&#8211; Oskar Metsavaht &#8211;\u00a0<\/strong>Presidente do Instituto-e, Fundador da Osklen e Embaixador Sustentabilidade Unesco\u00a0<\/span><\/h5>\n<h5 style=\"padding-left: 30px;\"><span style=\"color: #000000;\"><strong>&#8211; Virgilio Viana &#8211;\u00a0<\/strong>Superintendente Geral, Funda\u00e7\u00e3o Amaz\u00f4nia Sustent\u00e1vel<\/span><\/h5>\n<\/td>\n<\/tr>\n<tr style=\"height: 106px;\">\n<td style=\"border-color: #282829; background-color: #fff2cc; height: 106px;\">\n<h5><span style=\"color: #000000;\"><strong><\/strong><\/span><\/h5>\n<h5><span style=\"color: #000000;\"><strong>16:00 &#8211; Seguran\u00e7a Alimentar &#8211; Inova\u00e7\u00e3o e Tecnologia<br \/> <\/strong><\/span><strong><em><span style=\"color: #000000;\">Di\u00e1logo de l\u00edderes <\/span><\/em><\/strong><\/h5>\n<h5 style=\"padding-left: 30px;\"><span style=\"color: #000000;\">&#8211;<strong>\u00a0Modera\u00e7\u00e3o: Ingo Pl\u00f6ger<\/strong><\/span><span style=\"color: #000000;\"><strong>\u00a0&#8211;\u00a0<\/strong>Presidente do IPDES, Vice-Presidente da ABAG, Presidente do Cap\u00edtulo Brasil CEAL (Conselho Empresarial da Am\u00e9rica Latina)<\/span><\/h5>\n<h5 style=\"padding-left: 30px;\"><span style=\"color: #000000;\"><strong>&#8211; Cida Pessoa &#8211;\u00a0<\/strong>Coordenadora do Programa de Seguran\u00e7a Alimentar e Nutricional Mesa Brasil do Sesc RJ<\/span><\/h5>\n<h5 style=\"padding-left: 30px;\"><span style=\"color: #000000;\"><strong>&#8211; Fernando Schwanke &#8211;\u00a0<\/strong>Diretor de Projetos do IICA<\/span><\/h5>\n<h5 style=\"padding-left: 30px;\"><span style=\"color: #000000;\"><strong>&#8211; Burkhard Hormann &#8211;<\/strong>\u00a0CEO, ColossalFish\u00a0<\/span><\/h5>\n<h5 style=\"padding-left: 30px;\"><span style=\"color: #000000;\"><strong>&#8211; Dominik Ewald &#8211;\u00a0<\/strong>Fraunhofer, German Society for Food and Agriculture<\/span><\/h5>\n<h5 style=\"padding-left: 30px;\"><span style=\"color: #000000;\"><strong>&#8211; Tilman Schachtsiek &#8211;<\/strong>\u00a0Federal Ministry of Food and Agriculture<\/span><\/h5>\n<h5 style=\"padding-left: 30px;\"><span style=\"color: #000000;\"><strong>&#8211; Saulo Barreto<\/strong> &#8211; Co-fundador do Instituto de Pesquisas em Tecnologia e Inova\u00e7\u00e3o,\u00a0IPTI<span style=\"font-family: inherit; font-size: inherit;\">\u00a0<\/span>\u00a0<\/span><\/h5>\n<\/td>\n<\/tr>\n<tr style=\"height: 111px;\">\n<td style=\"border-color: #282829; height: 111px;\">\n<h4><span style=\"color: #000000;\"><strong><\/strong><\/span><\/h4>\n<h4><span style=\"color: #000000;\"><strong>SALA WORKSHOP<\/strong><\/span><\/h4>\n<\/td>\n<\/tr>\n<tr style=\"height: 111px;\">\n<td style=\"border-color: #282829; height: 111px;\">\n<h5><span style=\"color: #000000;\"><strong>10:10 \u2013 Aquicultura e Inova\u00e7\u00e3o<\/strong><\/span><\/h5>\n<h5 style=\"padding-left: 30px;\"><span style=\"color: #000000;\"><strong>&#8211; Martin Halverson &#8211;<\/strong>\u00a0Projeto ColossalFish Brasil<\/span><\/h5>\n<h5 style=\"padding-left: 30px;\"><span style=\"color: #000000;\"><strong>&#8211; Alex Alves dos Santos &#8211;<\/strong>\u00a0Fortalecimento da Cadeia Produtiva da Macroalga, Universidade Federal de Santa Catarina, EPAGRI<\/span><\/h5>\n<h5 style=\"padding-left: 30px;\"><strong><span style=\"color: #000000;\">&#8211; Jos\u00e9 Fernando Vendramini <\/span><\/strong><span style=\"color: #000000;\">&#8211; Empresario, Algii<\/span><\/h5>\n<\/td>\n<\/tr>\n<tr style=\"height: 126px;\">\n<td style=\"border-color: #282829; height: 126px;\">\n<h5><span style=\"color: #000000;\"><strong><\/strong><\/span><\/h5>\n<h5><span style=\"color: #000000;\"><strong>11:00 \u2013 Seguran\u00e7a Alimentar, Agricultura Familiar, Clima e Biodiversidade<br \/> <\/strong><strong><em>Coordena\u00e7\u00e3o Mesa Brasil, Mesa no Campo<\/em><\/strong><\/span><\/h5>\n<h5 style=\"padding-left: 30px;\"><span style=\"color: #000000;\"><strong>&#8211; Cida Pessoa &#8211;\u00a0<\/strong>Coordenadora do Programa de Seguran\u00e7a Alimentar e Nutricional Mesa Brasil do Sesc Rio<\/span><\/h5>\n<h5 style=\"padding-left: 30px;\"><span style=\"color: #000000;\"><strong style=\"font-family: inherit; font-size: inherit;\">&#8211; Diracy Bet\u00e2nia Cavalcante Lemos Lacerda &#8211;\u00a0<\/strong><span style=\"font-family: inherit; font-size: inherit;\">Superintendente de Abastecimento Social, Conab Bras\u00edlia<\/span><\/span><\/h5>\n<h5 style=\"padding-left: 30px;\"><span style=\"color: #000000;\"><strong>&#8211; Nathalia Miranda &#8211;\u00a0<\/strong>Analista de Sustentabilidade, Sesc Rio<\/span><\/h5>\n<h5 style=\"padding-left: 30px;\"><span style=\"color: #000000;\"><strong>&#8211; Kamilla Ramada &#8211;\u00a0<\/strong>Analista de Projetos Sociais, Sesc Rio<\/span><\/h5>\n<\/td>\n<\/tr>\n<tr style=\"height: 126px;\">\n<td style=\"border-color: #282829; height: 126px;\">\n<h5><span style=\"color: #000000;\"><strong>12:20 \u2013 Projetos do Portfolio Verde &#8211; MCTI \u2013 Secretario Marcelo Meirelles<\/strong><\/span><\/h5>\n<h5 style=\"padding-left: 30px;\"><span style=\"color: #000000;\"><strong>&#8211; Marcelo Gomes Meirelles &#8211;\u00a0<\/strong>Secret\u00e1rio de Estruturas Financeiras e de Projetos, MCTI<\/span><\/h5>\n<h5 style=\"padding-left: 30px;\"><span style=\"color: #000000;\"><strong>&#8211; Carlos Andr\u00e9 Marques &#8211;\u00a0<\/strong>Diretor do Departamento de Estruturas para Viabiliza\u00e7\u00e3o Financeira e Projetos, MCTI<\/span><\/h5>\n<h5 style=\"padding-left: 30px;\"><span style=\"color: #000000;\"><strong>&#8211; Vanessa Montiel Ventura &#8211;\u00a0<\/strong>Coordenadora-Geral de Estrutura\u00e7\u00e3o de Projetos, MCTI<\/span><\/h5>\n<\/td>\n<\/tr>\n<tr style=\"height: 126px;\">\n<td style=\"border-color: #282829; height: 126px;\">\n<h5><span><strong>\u00a014h:00 &#8211; Palestras Embrapa Solos<\/strong><\/span><\/h5>\n<h5 style=\"padding-left: 30px;\"><span><strong>&#8211; Rachel Prado &#8211; <\/strong>Servi\u00e7os Ecossist\u00eamicos do Solo e a Sustentabilidade das Paisagens Rurais<\/span><\/h5>\n<h5 style=\"padding-left: 30px;\"><span><strong>&#8211; Andr\u00e9 Marcelo &#8211; <\/strong>Quantifica\u00e7\u00e3o de Carbono do Solo por Espectrometria no Infravermelho<\/span><\/h5>\n<h5 style=\"padding-left: 30px;\"><span><strong>&#8211; Ana Paula Dias Turetta &#8211; <\/strong>Agricultura Al\u00e9m da Produ\u00e7\u00e3o de Alimentos: O Projeto Nexus Seguran\u00e7a Alimentar &#8211; H\u00eddrida &#8211; Energ\u00e9tica<\/span><\/h5>\n<\/td>\n<\/tr>\n<tr style=\"height: 106px;\">\n<td style=\"border-color: #282829; height: 106px;\">\n<h5><span style=\"color: #000000;\"><strong><\/strong><\/span><\/h5>\n<h5><span style=\"color: #000000;\"><strong>15:45 \u2013 Reuni\u00e3o e Coquetel de Networking da AL-INVEST Verde PI<br \/> <em>(encontro reservado para convidados)<\/em><\/strong><\/span><\/h5>\n<\/td>\n<\/tr>\n<tr style=\"height: 64px;\">\n<td style=\"border-color: #282829; height: 64px;\">\n<h5><strong>\u00a0<img loading=\"lazy\" decoding=\"async\" src=\"https:\/\/www.greenrio.com.br\/wp-content\/uploads\/final1.jpg\" width=\"140\" height=\"29\" alt=\"\" class=\"wp-image-16218 alignnone size-full\" \/><\/strong><\/h5>\n<\/td>\n<\/tr>\n<\/tbody>\n<\/table>\n<p>[\/et_pb_text][\/et_pb_column][\/et_pb_row][et_pb_row column_structure=&#8221;1_2,1_2&#8243; _builder_version=&#8221;4.5.2&#8243; _module_preset=&#8221;default&#8221; locked=&#8221;off&#8221;][et_pb_column type=&#8221;1_2&#8243; _builder_version=&#8221;4.5.2&#8243; _module_preset=&#8221;default&#8221;][et_pb_image src=&#8221;https:\/\/www.greenrio.com.br\/wp-content\/uploads\/Bot\u00e3o-ZonaSul-dia2.png&#8221; title_text=&#8221;Bot\u00e3o-ZonaSul-dia2&#8243; url=&#8221;https:\/\/www.greenrio.com.br\/arquivos\/Workshop_ZonaSul-dia2.pdf&#8221; url_new_window=&#8221;on&#8221; align=&#8221;center&#8221; _builder_version=&#8221;4.5.2&#8243; _module_preset=&#8221;default&#8221; animation_style=&#8221;fade&#8221; animation_duration=&#8221;1550ms&#8221; box_shadow_style=&#8221;preset1&#8243;][\/et_pb_image][\/et_pb_column][et_pb_column type=&#8221;1_2&#8243; _builder_version=&#8221;4.5.2&#8243; _module_preset=&#8221;default&#8221;][\/et_pb_column][\/et_pb_row][\/et_pb_section][et_pb_section fb_built=&#8221;1&#8243; admin_label=&#8221;Schedule&#8221; _builder_version=&#8221;3.22&#8243; max_width_tablet=&#8221;&#8221; max_width_phone=&#8221;100%&#8221; max_width_last_edited=&#8221;on|phone&#8221; custom_margin=&#8221;|||&#8221; custom_padding=&#8221;5px|0px|4px|0px|false|false&#8221; locked=&#8221;off&#8221;][et_pb_row column_structure=&#8221;1_4,1_4,1_4,1_4&#8243; _builder_version=&#8221;4.5.2&#8243; _module_preset=&#8221;default&#8221; locked=&#8221;off&#8221;][et_pb_column type=&#8221;1_4&#8243; _builder_version=&#8221;4.5.2&#8243; _module_preset=&#8221;default&#8221;][\/et_pb_column][et_pb_column type=&#8221;1_4&#8243; _builder_version=&#8221;4.5.2&#8243; _module_preset=&#8221;default&#8221;][et_pb_text admin_label=&#8221;Programa\u00e7\u00e3o&#8221; _builder_version=&#8221;4.5.2&#8243; text_text_color=&#8221;#000000&#8243; text_line_height=&#8221;2em&#8221; background_size=&#8221;initial&#8221; background_position=&#8221;top_left&#8221; background_repeat=&#8221;repeat&#8221; use_border_color=&#8221;off&#8221; border_color=&#8221;#ffffff&#8221; border_style=&#8221;solid&#8221; locked=&#8221;off&#8221;]<\/p>\n<h4><span style=\"text-decoration: underline;\"><a href=\"#primeiro-dia\"><span style=\"font-family: Arial, Helvetica, sans-serif; color: #000000;\"><strong>Dia 1 de setembro<\/strong><\/span><\/a><\/span><\/h4>\n<p>[\/et_pb_text][\/et_pb_column][et_pb_column type=&#8221;1_4&#8243; _builder_version=&#8221;4.5.2&#8243; _module_preset=&#8221;default&#8221;][et_pb_text admin_label=&#8221;Programa\u00e7\u00e3o&#8221; _builder_version=&#8221;4.5.2&#8243; text_text_color=&#8221;#000000&#8243; text_line_height=&#8221;2em&#8221; background_size=&#8221;initial&#8221; background_position=&#8221;top_left&#8221; background_repeat=&#8221;repeat&#8221; use_border_color=&#8221;off&#8221; border_color=&#8221;#ffffff&#8221; border_style=&#8221;solid&#8221; locked=&#8221;off&#8221;]<\/p>\n<h4><span style=\"text-decoration: underline;\"><a href=\"#segundo-dia\"><span style=\"font-family: Arial, Helvetica, sans-serif; color: #000000;\"><strong>Dia 2 de setembro<\/strong><\/span><\/a><\/span><\/h4>\n<p>[\/et_pb_text][\/et_pb_column][et_pb_column type=&#8221;1_4&#8243; _builder_version=&#8221;4.5.2&#8243; _module_preset=&#8221;default&#8221;][\/et_pb_column][\/et_pb_row][\/et_pb_section][et_pb_section fb_built=&#8221;1&#8243; module_id=&#8221;terceiro-dia&#8221; _builder_version=&#8221;4.5.2&#8243; _module_preset=&#8221;default&#8221;][et_pb_row _builder_version=&#8221;4.5.2&#8243; _module_preset=&#8221;default&#8221;][et_pb_column type=&#8221;4_4&#8243; _builder_version=&#8221;4.5.2&#8243; _module_preset=&#8221;default&#8221;][et_pb_text _builder_version=&#8221;4.5.2&#8243; _module_preset=&#8221;default&#8221;]<\/p>\n<table width=\"85%\" style=\"margin-left: auto; margin-right: auto;\">\n<tbody>\n<tr style=\"height: 111px;\">\n<td style=\"border-color: #282829; background-color: #538135; height: 111px;\">\n<h4><span style=\"color: #ffffff;\"><strong>03 DE SETEMBRO \u2013 S\u00e1bado<\/strong><\/span><\/h4>\n<\/td>\n<\/tr>\n<tr style=\"height: 111px;\">\n<td style=\"border-color: #282829; background-color: #fff2cc; height: 111px;\">\n<h4><span style=\"color: #000000;\"><strong>AUDIT\u00d3RIO<\/strong><\/span><\/h4>\n<\/td>\n<\/tr>\n<tr style=\"height: 106px;\">\n<td style=\"border-color: #282829; background-color: #fff2cc; height: 106px;\">\n<h5><span style=\"color: #000000;\"><strong><\/strong><\/span><\/h5>\n<h5><span style=\"color: #000000;\"><strong>11:00\u00a0<\/strong><strong>\u2013 Inova\u00e7\u00e3o e Startups na Economia Verde: Presente e Futuro\u00a0<\/strong><\/span><\/h5>\n<h5 style=\"padding-left: 30px;\"><span style=\"color: #000000;\"><strong>&#8211; Modera\u00e7\u00e3o: Alvaro Werneck, Green Rio<\/strong><\/span><\/h5>\n<h5 style=\"padding-left: 30px;\"><span style=\"color: #000000;\"><strong>&#8211; Marcos Da-R\u00e9 &#8211; <\/strong>Diretor de Economia Verde,\u00a0Funda\u00e7\u00e3o CERTI<\/span><\/h5>\n<h5 style=\"padding-left: 30px;\"><span style=\"color: #000000;\"><strong>&#8211; Jose Aranha &#8211;<\/strong>\u00a0Professor Ecossistemas de Inova\u00e7\u00e3o, SENAC<\/span><\/h5>\n<h5 style=\"padding-left: 30px;\"><span style=\"color: #000000;\"><strong>&#8211; Exequiel Bunge Berg &#8211;<\/strong>\u00a0Co-founder &amp; CEO, growPack<\/span><\/h5>\n<h5 style=\"padding-left: 30px;\"><span style=\"color: #000000;\"><strong>&#8211; Mar\u00edlia Sant&#8217;Anna &#8211;\u00a0<\/strong>Ger\u00eancia de Projetos Estrat\u00e9gicos, SEBRAE RJ<\/span><\/h5>\n<h5 style=\"padding-left: 30px;\"><span style=\"color: #000000;\"><strong>&#8211; Maur\u00edcio Ribeiro<\/strong> &#8211; Startup J\u00e1 Entendi<strong><br \/> <\/strong><\/span><\/h5>\n<\/td>\n<\/tr>\n<tr style=\"height: 106px;\">\n<td style=\"border-color: #282829; background-color: #fff2cc; height: 106px;\">\n<h5><span style=\"color: #000000;\"><strong><\/strong><\/span><\/h5>\n<h5><span style=\"color: #000000;\"><strong>12:15 \u2013 Bioinsumos e sua Rela\u00e7\u00e3o com uma Verdadeira Economia Verde<\/strong><\/span><\/h5>\n<h5 style=\"padding-left: 30px;\"><span style=\"color: #000000;\"><strong>&#8211; <\/strong><span style=\"font-family: inherit; font-size: inherit;\"><strong>Coordena\u00e7\u00e3o F\u00e1bio Ramos<\/strong> &#8211; Diretor da Agrosuisse, Gerente Geral do S\u00edtio do Moinho e Diretor T\u00e9cnico do Instituto Brasil Org\u00e2nico<\/span><\/span><\/h5>\n<h5 style=\"padding-left: 30px;\"><span style=\"color: #000000;\"><span style=\"font-family: inherit; font-size: inherit;\">&#8211; <strong>Cristhiane Am\u00e2ncio &#8211; <\/strong>Chefe Geral da Embrapa Agrobiologia<\/span><\/span><\/h5>\n<h5 style=\"padding-left: 30px;\"><span style=\"color: #000000;\"><strong>&#8211; Rog\u00e9rio Dias<\/strong> &#8211; Engenheiro Agr\u00f4nomo, Presidente do Instituto Brasil Org\u00e2nico<\/span><\/h5>\n<h5 style=\"padding-left: 30px;\"><span style=\"color: #000000;\"><strong>&#8211; Luiz Carlos Dematt\u00ea &#8211;\u00a0<\/strong>CEO da Korin Alimentos e presidente da C\u00e2mara Tem\u00e1tica de Agricultura Org\u00e2nica<\/span><\/h5>\n<\/td>\n<\/tr>\n<tr style=\"height: 106px;\">\n<td style=\"border-color: #282829; background-color: #fff2cc; height: 106px;\">\n<h5><span style=\"color: #000000;\"><\/span><\/h5>\n<h5><strong><span style=\"color: #000000;\">14:00 \u2013 Estado do RJ \/ Cen\u00e1rios, Desafios e Oportunidades<br \/> <\/span><\/strong><\/h5>\n<h5 style=\"padding-left: 30px;\"><strong><span style=\"color: #000000;\">&#8211; Modera\u00e7\u00e3o: Geiza Rocha &#8211;\u00a0<\/span><\/strong><span style=\"color: #000000;\">Secret\u00e1ria-Geral do F\u00f3rum de Desenvolvimento, ALERJ<\/span><\/h5>\n<h5 style=\"padding-left: 30px;\"><strong><span style=\"color: #000000;\">&#8211; Guilherme Merc\u00eas &#8211;<\/span><\/strong><span style=\"color: #000000;\">\u00a0Diretor de Economia e Inova\u00e7\u00e3o da Confedera\u00e7\u00e3o Nacional do Com\u00e9rcio e Servi\u00e7os (CNC) &#8211; Ex-secret\u00e1rio de Fazenda do Estado do Rio de Janeiro.<\/span><\/h5>\n<h5 style=\"padding-left: 30px;\"><strong><span style=\"color: #000000;\">&#8211;\u00a0<\/span><\/strong><strong><span style=\"color: #000000;\">Ana Asti \/ 2030 &#8211;\u00a0<\/span><\/strong><span style=\"color: #000000;\">Subsecret\u00e1ria de Recursos H\u00eddricos e Sustentabilidade, Secretaria de Estado do Ambiente e Sustentabilidade, SEA<\/span><\/h5>\n<h5 style=\"padding-left: 30px;\"><strong><span style=\"color: #000000;\">&#8211; S\u00e9rgio Magalh\u00e3es &#8211; <\/span><\/strong><span style=\"color: #000000;\">Arquiteto e Urbanista, Ex-presidente do Instituto de Arquitetos do Brasil, IAB<\/span><\/h5>\n<\/td>\n<\/tr>\n<tr style=\"height: 126px;\">\n<td style=\"border-color: #282829; background-color: #fff2cc; height: 126px;\">\n<h5><span style=\"color: #000000;\"><\/span><\/h5>\n<h5><strong><span style=\"color: #000000;\">15:30 \u2013 Oceanos \/ Economia do Mar<br \/> <em>Coordena\u00e7\u00e3o <\/em>\u2013<em> IFeS<\/em><\/span><\/strong><\/h5>\n<h5 style=\"padding-left: 30px;\"><strong><span style=\"color: #000000;\">&#8211; Modera\u00e7\u00e3o: Renato Reggazi, SEBRAE RJ<\/span><\/strong><\/h5>\n<h5 style=\"padding-left: 30px;\"><span style=\"color: #000000;\"><strong>&#8211; Vin\u00edcius Crespo<\/strong> &#8211; Conselheiro Titular do Conselho Nacional de Recursos H\u00eddricos, CNRH, Diretor Executivo do Instituto Fecom\u00e9rcio de Sustentabilidade, IFeS<\/span><\/h5>\n<h5 style=\"padding-left: 30px;\"><span style=\"color: #000000;\"><strong>&#8211; Ana Asti &#8211;<\/strong>\u00a0Subsecret\u00e1ria de Recursos H\u00eddricos e Sustentabilidade, Secretaria de Estado do Ambiente e Sustentabilidade, SEA<\/span><\/h5>\n<h5 style=\"padding-left: 30px;\"><strong><span style=\"color: #000000;\">&#8211; \u00c1guas do Rio (tbc)<\/span><\/strong><\/h5>\n<\/td>\n<\/tr>\n<tr style=\"height: 111px;\">\n<td style=\"border-color: #282829; height: 111px;\">\n<h4><span style=\"color: #000000;\"><\/span><\/h4>\n<h4><strong><span style=\"color: #000000;\">SALA WORKSHOP<\/span><\/strong><\/h4>\n<\/td>\n<\/tr>\n<tr style=\"height: 126px;\">\n<td style=\"border-color: #282829; height: 126px;\">\n<h5><span style=\"color: #000000;\"><\/span><\/h5>\n<h5><strong><span style=\"color: #000000;\">11:00 \u2013 Consumo Consciente e Rela\u00e7\u00e3o consumidor x res\u00edduos s\u00f3lidos<br \/> <em>Coordena\u00e7\u00e3o IFeS<\/em><\/span><\/strong><\/h5>\n<h5 style=\"padding-left: 30px;\"><span style=\"color: #000000;\"><strong>&#8211; Marcos Haddad &#8211;<\/strong>\u00a0Economista do Instituto Fecom\u00e9rcio de Pesquisa e An\u00e1lises do Rio de Janeiro, IFEC RJ<\/span><\/h5>\n<h5 style=\"padding-left: 30px;\"><span style=\"color: #000000;\"><strong>&#8211; Nadine Melloni &#8211;<\/strong>\u00a0Analista de Pesquisa do Instituto Fecom\u00e9rcio de Pesquisa e An\u00e1lises do Rio de Janeiro, IFEC RJ<\/span><\/h5>\n<h5 style=\"padding-left: 30px;\"><span style=\"color: #000000;\"><strong>&#8211; Vin\u00edcius Crespo &#8211;<\/strong> Conselheiro Titular do Conselho Nacional de Recursos H\u00eddricos, CNRH, Diretor Executivo do Instituto Fecom\u00e9rcio de Sustentabilidade, IFeS<\/span><\/h5>\n<\/td>\n<\/tr>\n<tr style=\"height: 106px;\">\n<td style=\"border-color: #282829; height: 106px;\">\n<h5><span style=\"color: #000000;\"><\/span><\/h5>\n<h5><strong><span style=\"color: #000000;\">12:30 \u2013 Turismo \u2013 Desafios e Oportunidades para o Rio de Janeiro<br \/> <em>Coordena\u00e7\u00e3o Rio Vamos Vencer<\/em><\/span><\/strong><\/h5>\n<h5 style=\"padding-left: 30px;\"><strong><span style=\"color: #000000;\">&#8211; Moderador: Marcelo Conde<\/span><\/strong><\/h5>\n<h5 style=\"padding-left: 30px;\"><span style=\"color: #000000;\"><strong>&#8211; Manoel Browne &#8211;<\/strong>\u00a0Diretor Executivo, Grupo Cataratas<\/span><\/h5>\n<h5 style=\"padding-left: 30px;\"><span style=\"color: #000000;\"><strong>&#8211; Sandro Fernandes &#8211;<\/strong>\u00a0CEO, Bondinho P\u00e3o de A\u00e7\u00facar<\/span><\/h5>\n<\/td>\n<\/tr>\n<tr style=\"height: 106px;\">\n<td style=\"border-color: #282829; height: 106px;\">\n<h5><span style=\"color: #000000;\"><\/span><\/h5>\n<h5><strong><span style=\"color: #000000;\">14:00 \u2013 Alimenta\u00e7\u00e3o Escolar como Promotora de um Sistema Alimentar Sustent\u00e1vel<br \/> <\/span><\/strong><em><strong><span style=\"color: #000000;\">Coordena\u00e7\u00e3o\u00a0<\/span><\/strong><span style=\"color: #000000;\"><strong>Alessandra Pereira<\/strong> &#8211;\u00a0<\/span><\/em><span style=\"color: #000000;\">Diretora da Escola de Nutri\u00e7\u00e3o. Coordenadora do Grupo de Pesquisa em Alimenta\u00e7\u00e3o e Nutri\u00e7\u00e3o Escolar da UNIRIO. Membro do CECANE-UNIRIO<\/span><\/h5>\n<h5 style=\"padding-left: 30px;\"><span style=\"color: #000000;\"><strong>&#8211; Doutora Amanda Franco &#8211;<\/strong>\u00a0Nutricionista do Departamento de Vigil\u00e2ncia em Sa\u00fade de Duque de Caxias, RJ, S\u00f3cia-propriet\u00e1ria do @ConectA.nutri\u00e7\u00e3o<\/span><\/h5>\n<h5 style=\"padding-left: 30px;\"><span style=\"color: #000000;\">&#8211;<strong> Francisco Victer &#8211;<\/strong>\u00a0Diretor Executivo do Engenhando a Cidade<\/span><\/h5>\n<h5 style=\"padding-left: 30px;\"><span style=\"color: #000000;\"><strong>&#8211; Karime Ribeiro &#8211;<\/strong>\u00a0Coordenadora T\u00e9cnica de Nutri\u00e7\u00e3o do Programa Mesa Brasil do Sesc Rio<\/span><\/h5>\n<h5 style=\"padding-left: 30px;\"><span style=\"color: #000000;\"><strong>&#8211; Katie Weintraub &#8211;<\/strong>\u00a0Coordenadora de Parcerias e Programas, Instituto Sinal do Vale<\/span><\/h5>\n<h5 style=\"padding-left: 30px;\"><span style=\"color: #000000;\"><strong>&#8211; Teresa Cor\u00e7\u00e3o &#8211;<\/strong>\u00a0Chef e Designer &#8211; Presidente-fundadora do Instituto Maniva e Ecochefs, Embaixadora da Cozinha Brasileira no Senac RJ, Fellow da Ashoka e Synergos<\/span><\/h5>\n<\/td>\n<\/tr>\n<tr style=\"height: 106px;\">\n<td style=\"border-color: #282829; height: 106px;\">\n<h5><strong><span style=\"color: #000000;\">15:45 \u2013 Neg\u00f3cios de Impacto Socioambiental e Solu\u00e7\u00f5es Baseadas na Natureza<em><br \/> Coordena\u00e7\u00e3o Geiza Rocha &#8211; <\/em>Secret\u00e1ria-Geral do F\u00f3rum de Desenvolvimento, ALERJ<\/span><\/strong><\/h5>\n<h5 style=\"padding-left: 30px;\"><span style=\"color: #000000;\"><strong>&#8211; Dayse Valen\u00e7a &#8211;<\/strong>\u00a0Secret\u00e1ria Executiva, Asplande<\/span><\/h5>\n<h5 style=\"padding-left: 30px;\"><span style=\"color: #000000;\"><strong>&#8211; Gabriela Viana &#8211;<\/strong>\u00a0Fundadora, Dandaras da Guanabara<\/span><\/h5>\n<h5 style=\"padding-left: 30px;\"><span style=\"color: #000000;\"><strong>&#8211; Maria Fernanda Bastos &#8211;<\/strong>\u00a0Fundadora, Redinha<\/span><\/h5>\n<h5 style=\"padding-left: 30px;\"><span style=\"color: #000000;\"><strong>&#8211; Paula Rascao &#8211;<\/strong>\u00a0Fundadora, eTrilhas<\/span><\/h5>\n<\/td>\n<\/tr>\n<tr style=\"height: 106px;\">\n<td style=\"border-color: #282829; height: 106px;\">\n<h5 style=\"text-align: center;\"><span style=\"color: #000000;\"><\/span><\/h5>\n<h5 style=\"text-align: center;\"><span style=\"color: #000000;\">17:00 &#8211; ENCERRAMENTO<\/span><\/h5>\n<\/td>\n<\/tr>\n<tr style=\"height: 10px;\">\n<td style=\"width: 841.545px; height: 10px;\"><img loading=\"lazy\" decoding=\"async\" src=\"https:\/\/www.greenrio.com.br\/wp-content\/uploads\/final1.jpg\" width=\"140\" height=\"29\" alt=\"\" class=\"wp-image-16218 alignnone size-full\" \/><\/td>\n<\/tr>\n<\/tbody>\n<\/table>\n<p>[\/et_pb_text][\/et_pb_column][\/et_pb_row][et_pb_row column_structure=&#8221;1_2,1_2&#8243; _builder_version=&#8221;4.5.2&#8243; _module_preset=&#8221;default&#8221; locked=&#8221;off&#8221;][et_pb_column type=&#8221;1_2&#8243; _builder_version=&#8221;4.5.2&#8243; _module_preset=&#8221;default&#8221;][et_pb_image src=&#8221;https:\/\/www.greenrio.com.br\/wp-content\/uploads\/Bot\u00e3o-ZonaSul-dia3.png&#8221; title_text=&#8221;Bot\u00e3o-ZonaSul-dia3&#8243; url=&#8221;https:\/\/www.greenrio.com.br\/arquivos\/Workshop_ZonaSul-dia3.pdf&#8221; url_new_window=&#8221;on&#8221; align=&#8221;center&#8221; _builder_version=&#8221;4.5.2&#8243; _module_preset=&#8221;default&#8221; animation_style=&#8221;fade&#8221; animation_duration=&#8221;1550ms&#8221; box_shadow_style=&#8221;preset1&#8243;][\/et_pb_image][\/et_pb_column][et_pb_column type=&#8221;1_2&#8243; _builder_version=&#8221;4.5.2&#8243; _module_preset=&#8221;default&#8221;][\/et_pb_column][\/et_pb_row][\/et_pb_section][et_pb_section fb_built=&#8221;1&#8243; admin_label=&#8221;Schedule&#8221; _builder_version=&#8221;3.22&#8243; max_width_tablet=&#8221;&#8221; max_width_phone=&#8221;100%&#8221; max_width_last_edited=&#8221;on|phone&#8221; custom_margin=&#8221;|||&#8221; custom_padding=&#8221;5px|0px|4px|0px|false|false&#8221; locked=&#8221;off&#8221;][et_pb_row _builder_version=&#8221;4.5.2&#8243; _module_preset=&#8221;default&#8221; background_color=&#8221;#0b3d08&#8243; locked=&#8221;off&#8221;][et_pb_column type=&#8221;4_4&#8243; _builder_version=&#8221;4.5.2&#8243; _module_preset=&#8221;default&#8221;][et_pb_text admin_label=&#8221;Programa\u00e7\u00e3o&#8221; _builder_version=&#8221;4.5.2&#8243; text_text_color=&#8221;rgba(0,0,0,0)&#8221; text_line_height=&#8221;2em&#8221; background_size=&#8221;initial&#8221; background_position=&#8221;top_left&#8221; background_repeat=&#8221;repeat&#8221; custom_padding=&#8221;|||18px|false|false&#8221; use_border_color=&#8221;off&#8221; border_color=&#8221;#ffffff&#8221; border_style=&#8221;solid&#8221; locked=&#8221;off&#8221;]<span style=\"font-size: 16pt; color: #ffffff;\"><a href=\"https:\/\/www.greenrio.com.br\/arquivos\/Planta-Green-Rio-2022.pdf\" target=\"_blank\" rel=\"noopener noreferrer\" style=\"color: #ffffff;\"><strong><em><span style=\"font-family: Arial, Helvetica, sans-serif;\">Conhe\u00e7a a localiza\u00e7\u00e3o de cada ambiente de palestras Green Rio.<\/span><\/em><\/strong><\/a><\/span><strong><\/strong>[\/et_pb_text][\/et_pb_column][\/et_pb_row][\/et_pb_section][et_pb_section fb_built=&#8221;1&#8243; admin_label=&#8221;Schedule&#8221; _builder_version=&#8221;3.22&#8243; max_width_tablet=&#8221;&#8221; max_width_phone=&#8221;100%&#8221; max_width_last_edited=&#8221;on|phone&#8221; custom_margin=&#8221;|||&#8221; custom_padding=&#8221;5px|0px|4px|0px|false|false&#8221; locked=&#8221;off&#8221;][et_pb_row _builder_version=&#8221;4.5.2&#8243; _module_preset=&#8221;default&#8221; locked=&#8221;off&#8221;][et_pb_column type=&#8221;4_4&#8243; _builder_version=&#8221;4.5.2&#8243; _module_preset=&#8221;default&#8221;][et_pb_text admin_label=&#8221;Programa\u00e7\u00e3o&#8221; _builder_version=&#8221;4.5.2&#8243; text_text_color=&#8221;#000000&#8243; text_line_height=&#8221;2em&#8221; background_size=&#8221;initial&#8221; background_position=&#8221;top_left&#8221; background_repeat=&#8221;repeat&#8221; use_border_color=&#8221;off&#8221; border_color=&#8221;#ffffff&#8221; border_style=&#8221;solid&#8221; locked=&#8221;off&#8221;]<\/p>\n<h4><em><span style=\"font-family: Arial, Helvetica, sans-serif; color: #000000;\"><strong><\/strong><\/span><\/em><\/h4>\n<h6><em><span style=\"font-family: Arial, Helvetica, sans-serif; color: #000000;\"><strong>Obsv.: Programa\u00e7\u00e3o sujeita a altera\u00e7\u00e3o<\/strong><\/span><\/em><\/h6>\n<p>[\/et_pb_text][\/et_pb_column][\/et_pb_row][\/et_pb_section][et_pb_section fb_built=&#8221;1&#8243; admin_label=&#8221;Speakers&#8221; _builder_version=&#8221;4.5.2&#8243; background_enable_color=&#8221;off&#8221; background_enable_image=&#8221;off&#8221; background_size=&#8221;initial&#8221; background_position=&#8221;top_left&#8221; custom_margin=&#8221;-2px|||||&#8221; custom_padding=&#8221;|||&#8221;][et_pb_row _builder_version=&#8221;4.5.2&#8243; _module_preset=&#8221;default&#8221;][et_pb_column type=&#8221;4_4&#8243; _builder_version=&#8221;4.5.2&#8243; _module_preset=&#8221;default&#8221;][et_pb_divider _builder_version=&#8221;4.5.2&#8243; _module_preset=&#8221;default&#8221;][\/et_pb_divider][\/et_pb_column][\/et_pb_row][\/et_pb_section][et_pb_section fb_built=&#8221;1&#8243; _builder_version=&#8221;4.5.2&#8243; _module_preset=&#8221;default&#8221;][et_pb_row column_structure=&#8221;1_2,1_2&#8243; _builder_version=&#8221;4.5.2&#8243; _module_preset=&#8221;default&#8221;][et_pb_column type=&#8221;1_2&#8243; _builder_version=&#8221;4.5.2&#8243; _module_preset=&#8221;default&#8221;][et_pb_image src=&#8221;https:\/\/www.greenrio.com.br\/wp-content\/uploads\/Banner-divulgacaoGR22-2-2.jpg&#8221; title_text=&#8221;Banner-divulgacaoGR22-2-2&#8243; url=&#8221;https:\/\/www.greenrio.com.br\/index.php\/cadastro-visitante-green-rio&#8221; _builder_version=&#8221;4.5.2&#8243; _module_preset=&#8221;default&#8221;][\/et_pb_image][\/et_pb_column][et_pb_column type=&#8221;1_2&#8243; _builder_version=&#8221;4.5.2&#8243; _module_preset=&#8221;default&#8221;][\/et_pb_column][\/et_pb_row][\/et_pb_section][et_pb_section fb_built=&#8221;1&#8243; admin_label=&#8221;Speakers&#8221; _builder_version=&#8221;4.5.2&#8243; background_enable_color=&#8221;off&#8221; background_enable_image=&#8221;off&#8221; background_size=&#8221;initial&#8221; background_position=&#8221;top_left&#8221; custom_margin=&#8221;-2px|||||&#8221; custom_padding=&#8221;|||&#8221; locked=&#8221;off&#8221;][et_pb_row _builder_version=&#8221;4.5.2&#8243; _module_preset=&#8221;default&#8221;][et_pb_column type=&#8221;4_4&#8243; _builder_version=&#8221;4.5.2&#8243; _module_preset=&#8221;default&#8221;][et_pb_divider _builder_version=&#8221;4.5.2&#8243; _module_preset=&#8221;default&#8221;][\/et_pb_divider][\/et_pb_column][\/et_pb_row][\/et_pb_section][et_pb_section fb_built=&#8221;1&#8243; admin_label=&#8221;Sponsor&#8221; _builder_version=&#8221;3.22&#8243;][et_pb_row _builder_version=&#8221;3.25&#8243;][et_pb_column type=&#8221;4_4&#8243; _builder_version=&#8221;3.25&#8243; custom_padding=&#8221;|||&#8221; custom_padding__hover=&#8221;|||&#8221;][et_pb_image src=&#8221;https:\/\/www.greenrio.com.br\/wp-content\/uploads\/Logos-Apoiadores-GR2022-14-730px.jpg&#8221; align=&#8221;center&#8221; _builder_version=&#8221;4.5.2&#8243; vertical_offset_tablet=&#8221;0&#8243; horizontal_offset_tablet=&#8221;0&#8243; width=&#8221;100%&#8221; z_index_tablet=&#8221;0&#8243; box_shadow_horizontal_tablet=&#8221;0px&#8221; box_shadow_vertical_tablet=&#8221;0px&#8221; box_shadow_blur_tablet=&#8221;40px&#8221; box_shadow_spread_tablet=&#8221;0px&#8221; global_module=&#8221;14263&#8243;][\/et_pb_image][\/et_pb_column][\/et_pb_row][\/et_pb_section][et_pb_section fb_built=&#8221;1&#8243; fullwidth=&#8221;on&#8221; _builder_version=&#8221;4.10.5&#8243; _module_preset=&#8221;default&#8221;][et_pb_fullwidth_code _builder_version=&#8221;4.10.5&#8243; _module_preset=&#8221;default&#8221; min_height=&#8221;459px&#8221; custom_margin=&#8221;-1px|||||&#8221;]<iframe src=\"https:\/\/www.google.com\/maps\/embed?pb=!1m18!1m12!1m3!1d3674.823238749602!2d-43.1722728850342!3d-22.919889685005177!2m3!1f0!2f0!3f0!3m2!1i1024!2i768!4f13.1!3m3!1m2!1s0x9981c4aaaf0d3b%3A0xf1f26312e97db447!2sMarina%20da%20Gl%C3%B3ria!5e0!3m2!1spt-BR!2sbr!4v1631645810282!5m2!1spt-BR!2sbr\" width=\"100%\" height=\"450\" style=\"border:0;\" allowfullscreen=\"\" loading=\"lazy\"><\/iframe>[\/et_pb_fullwidth_code][\/et_pb_section]<\/p>\n","protected":false},"excerpt":{"rendered":"<p>Green Rio \u00e9 a plataforma para neg\u00f3cios, inova\u00e7\u00e3o e pesquisa em bioeconomia e economia verde. &nbsp; &nbsp;CONFER\u00caNCIA GREEN RIO\/GREEN LATIN AMERICA 2022 Fa\u00e7a seu credenciamento gratuitamente Obsv.: Programa\u00e7\u00e3o sujeita a altera\u00e7\u00e3oDia 1 de setembroDia 2 de setembroDia 3 de setembro 01 DE SETEMBRO \u2013 5\u00aa feira AUDIT\u00d3RIO (haver\u00e1 tradu\u00e7\u00e3o simult\u00e2nea) 10:00 \u2013 Abertura 11:00\u00a0&#8211;\u00a0Keynote Speaker [&hellip;]<\/p>\n","protected":false},"author":1,"featured_media":0,"parent":0,"menu_order":0,"comment_status":"closed","ping_status":"closed","template":"","meta":{"_et_pb_use_builder":"on","_et_pb_old_content":"","_et_gb_content_width":"","footnotes":""},"class_list":["post-16135","page","type-page","status-publish","hentry"],"_links":{"self":[{"href":"https:\/\/www.greenrio.com.br\/index.php\/wp-json\/wp\/v2\/pages\/16135","targetHints":{"allow":["GET"]}}],"collection":[{"href":"https:\/\/www.greenrio.com.br\/index.php\/wp-json\/wp\/v2\/pages"}],"about":[{"href":"https:\/\/www.greenrio.com.br\/index.php\/wp-json\/wp\/v2\/types\/page"}],"author":[{"embeddable":true,"href":"https:\/\/www.greenrio.com.br\/index.php\/wp-json\/wp\/v2\/users\/1"}],"replies":[{"embeddable":true,"href":"https:\/\/www.greenrio.com.br\/index.php\/wp-json\/wp\/v2\/comments?post=16135"}],"version-history":[{"count":146,"href":"https:\/\/www.greenrio.com.br\/index.php\/wp-json\/wp\/v2\/pages\/16135\/revisions"}],"predecessor-version":[{"id":18253,"href":"https:\/\/www.greenrio.com.br\/index.php\/wp-json\/wp\/v2\/pages\/16135\/revisions\/18253"}],"wp:attachment":[{"href":"https:\/\/www.greenrio.com.br\/index.php\/wp-json\/wp\/v2\/media?parent=16135"}],"curies":[{"name":"wp","href":"https:\/\/api.w.org\/{rel}","templated":true}]}}